{"id":46,"date":"2014-01-29T11:59:08","date_gmt":"2014-01-29T11:59:08","guid":{"rendered":"http:\/\/szenterzsebetiskolamor.hu\/wp\/?page_id=46"},"modified":"2024-02-07T18:56:28","modified_gmt":"2024-02-07T16:56:28","slug":"iskolank-multja","status":"publish","type":"page","link":"https:\/\/szenterzsebetiskolamor.hu\/wp\/iskolank-multja\/","title":{"rendered":"Iskol\u00e1nk m\u00faltja"},"content":{"rendered":"<p style=\"text-align: justify;\">A M\u0171eml\u00e9kv\u00e9delem 1961\/1. sz\u00e1ma ismerteti a m\u00f3ri K\u0151templom, a mai Magyartemplom felt\u00e1r\u00e1si munk\u00e1latait: \u201e\u2026hogy M\u00f3r k\u00f6zs\u00e9g legr\u00e9gibb \u2013 v\u00e9lem\u00e9ny\u00fcnk szerint \u00c1rp\u00e1d-kori \u2013 \u00e9p\u00edt\u00e9szeti eml\u00e9k\u00e9t mindenki sz\u00e1m\u00e1ra l\u00e1togathat\u00f3v\u00e1 tegy\u00fck.\u201c<\/p>\n<p style=\"text-align: justify;\">Teh\u00e1t a m\u00e1sf\u00e9l \u00e9vsz\u00e1zados t\u00f6r\u00f6k uralom el\u0151tt, b\u00e1r erre \u00edr\u00e1sbeli bizony\u00edt\u00e9kok m\u00e9g nem ismeretesek, feltehet\u0151, hogy volt M\u00f3ron pl\u00e9b\u00e1niai iskola, mert ezek fel\u00e1ll\u00edt\u00e1s\u00e1r\u00f3l hat\u00e1rozott az 1560-as, Ol\u00e1h Mikl\u00f3s esztergomi \u00e9rsek eln\u00f6klet\u00e9vel megtartott nagyszombati zsinat.<\/p>\n<p style=\"text-align: justify;\">1691-ben Haas J\u00e1nos vette meg a cs\u00f3kak\u0151i uradalmat, amelyhez M\u00f3r is tartozott. Az 1690-ben k\u00e9sz\u00fclt r\u00e9szletes becsl\u00e9s szerint M\u00f3ron 20 eg\u00e9sz \u00e9s 20 f\u00e9l telek volt, de ebb\u0151l csup\u00e1n 7 eg\u00e9sz \u00e9s 7 f\u00e9l volt lakott.\u00a0 A lakoss\u00e1g nagy r\u00e9sze m\u00e9g Tat\u00e1n, Gy\u0151rben \u00e9s P\u00e1p\u00e1n tart\u00f3zkodott.<\/p>\n<p style=\"text-align: justify;\">J\u00f3 m\u00e1sf\u00e9l \u00e9vsz\u00e1zaddal kor\u00e1bban, a Moh\u00e1csi v\u00e9sz el\u0151tt M\u00f3ron 22 eg\u00e9sz \u00e9s 10 f\u00e9ltelkes jobb\u00e1gy, valamint 13 eg\u00e9sz \u00e9s 4 f\u00e9ltelkes libertinus, szabados \u00e9lt.<\/p>\n<p style=\"text-align: justify;\">A Hochburg el\u0151nevet 1818-ban szerzett Haas J\u00e1nos felismerte, hogy munkaer\u0151re van sz\u00fcks\u00e9g, fi\u00e1t, Hochburg J\u00e1nos Domonkost 1695-t\u0151l foglalkoztatta a betelep\u00edt\u00e9s gondolata. Ezzel f\u00fcgg \u00f6ssze Hochburg J\u00e1nos \u00f6zvegy\u00e9nek, Hartmann Johann\u00e1nak az alap\u00edtv\u00e1nya, melyet az 1695-ben M\u00f3rra h\u00edvott kapucinus rend jav\u00e1ra tett.<\/p>\n<p style=\"text-align: justify;\">1701. j\u00falius 24-\u00e9n szentelte fel a rendh\u00e1zat \u00e9s a templomot gr\u00f3f Sz\u00e9chenyi P\u00e1l kalocsai \u00e9rsek \u00e9s veszpr\u00e9mi p\u00fcsp\u00f6k. Azonnal megindulhatott a pl\u00e9b\u00e1niai oktat\u00e1s, mert a p\u00fcsp\u00f6ki lev\u00e9lt\u00e1r adatai szerint 1723-ban m\u00e1r volt tan\u00edt\u00f3ja a m\u00f3ri iskol\u00e1nak, ahova t\u00e9len 60, ny\u00e1ron 20-30 gyermek j\u00e1rt. Az akkori iskol\u00e1t neh\u00e9z a mai szemmel n\u00e9zni, a mai viszonyokhoz hasonl\u00edtani. Egy tan\u00edt\u00f3, aki a k\u00e1ntori teend\u0151ket is ell\u00e1tta 50-60, k\u00e9s\u0151bb m\u00e9g t\u00f6bb gyermekkel is foglalkozott egy teremben.<\/p>\n<p style=\"text-align: justify;\">Az iskolal\u00e1togat\u00e1s az otthoni h\u00e1z k\u00f6r\u00fcli, mez\u0151gazdas\u00e1gi tev\u00e9kenys\u00e9gt\u0151l f\u00fcgg\u00f6tt, de befoly\u00e1solta az id\u0151j\u00e1r\u00e1s, valamint a ruh\u00e1zat, l\u00e1bbeli megl\u00e9te, vagy hi\u00e1nya is. Az \u0151szi munk\u00e1k befejezt\u00e9t\u0151l a tavaszi munkakezd\u00e9sig t\u00f6bben j\u00e1rtak iskol\u00e1ba, ny\u00e1ron kevesebben.<\/p>\n<p style=\"text-align: justify;\">N\u00e9h\u00e1ny \u00e9vvel k\u00e9s\u0151bb m\u00e1r seg\u00e9dtan\u00edt\u00f3ja is volt az iskol\u00e1nak. 1762-ben a ludimagister (iskolamester) n\u00e9met volt, a praeceptor (seg\u00e9dtan\u00edt\u00f3, kistan\u00edt\u00f3) magyar, a tan\u00edt\u00e1s is az egyik oszt\u00e1lyban n\u00e9met\u00fcl, a m\u00e1sikban magyar nyelven folyt.<\/p>\n<p style=\"text-align: justify;\">Az els\u0151 iskola\u00e9p\u00fcletet a katolikus egyh\u00e1z 1774-ben \u00e9p\u00edttette, v\u00e9d\u0151szentje Szent Imre volt. ( A mai Pet\u0151fi S\u00e1ndor \u00c1ltal\u00e1nos Iskola hely\u00e9n, az Ady Endre utc\u00e1ban, a Magyar templom m\u00f6g\u00f6tt.)<\/p>\n<p style=\"text-align: justify;\">Az 1700-as \u00e9vek v\u00e9g\u00e9n az iskol\u00e1ba j\u00e1r\u00f3 fi\u00fa \u00e9s l\u00e1nygyermekek sz\u00e1ma 200 k\u00f6r\u00fclire tehet\u0151.<\/p>\n<p style=\"text-align: justify;\">A XIX. sz. k\u00f6zep\u00e9re a lakoss\u00e1g gyarapod\u00e1s\u00e1val a gyermekek sz\u00e1ma is n\u0151tt, kib\u0151v\u00edtett\u00e9k a Szent Imre Iskol\u00e1t, \u00e9s m\u00e9g k\u00e9t katolikus iskol\u00e1t hoztak l\u00e9tre: \u00dajlakon 1854-ben \u00e9p\u00edttette fel a k\u00f6zs\u00e9g, \u00e9s okt\u00f3berben szentelt\u00e9k fel Szent L\u00e1szl\u00f3 tisztelet\u00e9re. (A mai R\u00e1k\u00f3czi utca eleje, 1945-ben lebomb\u00e1zt\u00e1k.)<\/p>\n<p style=\"text-align: justify;\">Vajalon, a mai Sz\u00e9chenyi utc\u00e1ban a k\u00f6zs\u00e9g el\u00f6lj\u00e1r\u00f3s\u00e1ga \u00e1ltal v\u00e1s\u00e1rolt \u00e9p\u00fcletben rendezt\u00e9k be az 1855-ben Szent M\u00f3r tisztelet\u00e9re felszentelt harmadik katolikus iskol\u00e1t.<\/p>\n<p style=\"text-align: justify;\">A katolikus iskol\u00e1k mellett a m\u00f3ri gyermekeket m\u00e9g egy-egy reform\u00e1tus \u00e9s izraelita iskol\u00e1ban tan\u00edtott\u00e1k.<\/p>\n<p style=\"text-align: justify;\">Amikor 1868-ban a k\u00f6zoktat\u00e1si \u00e9s az 1872-es ipart\u00f6rv\u00e9ny hat\u00e1s\u00e1ra v\u00e1ltoz\u00e1sok t\u00f6rt\u00e9ntek az iskol\u00e1ztat\u00e1s ter\u00e9n, a katolikus egyh\u00e1z iskol\u00e1iba 600-650 gyermek j\u00e1rt. (Pl. 1875\/76-ban a fellelhet\u0151 anyak\u00f6nyvek tan\u00fas\u00e1ga szerint a Szent Imre Iskola 6 oszt\u00e1ly\u00e1ba 232, a Szent L\u00e1szl\u00f3 Iskola 3 oszt\u00e1ly\u00e1ba 274, a Szent M\u00f3r Iskola \u00fagyszint\u00e9n 3 oszt\u00e1ly\u00e1ba 124 gyermeket \u00edrattak be.<\/p>\n<p style=\"text-align: justify;\">Az Andr\u00e1ssy korm\u00e1ny Vall\u00e1s-\u00e9s K\u00f6zoktat\u00e1si Miniszt\u00e9rium\u00e1nak vezet\u0151je, az egykori kultuszminiszter E\u00f6tv\u00f6s J\u00f3zsef befejezni sz\u00e1nd\u00e9kozott az 1848-ban elkezdett folyamatot, a k\u00f6zoktat\u00e1s polg\u00e1ri \u00e1talak\u00edt\u00e1s\u00e1t. Els\u0151 helyre sorolta a n\u00e9poktat\u00e1s \u00fcgy\u00e9t. Az 1868. \u00e9vi 38. tc. k\u00f6zs\u00e9gi iskol\u00e1k l\u00e9tes\u00edt\u00e9s\u00e9t rendelte el ott, ahol nem voltak egyh\u00e1zi iskol\u00e1k. M\u00f3ron volt 5 egyh\u00e1zi iskola, ez\u00e9rt is ment nehezebben a k\u00f6zs\u00e9gi iskola fel\u00e1ll\u00edt\u00e1sa. A m\u00falt sz\u00e1zad utols\u00f3 \u00e9vtizedeiben, eg\u00e9szen 1929-ig b\u00e9relt helys\u00e9gekben tan\u00edtottak, ekkorra \u00e9p\u00fclt fel a Magyar utc\u00e1ban, (a mai Wekerle utca) a n\u00e9gy tantermes k\u00f6zs\u00e9gi iskola \u00e9p\u00fclete.<\/p>\n<p style=\"text-align: justify;\">A sz\u00e1zadfordul\u00f3n\u00a0 a katolikus iskol\u00e1k mindegyik oszt\u00e1ly\u00e1ban negyvenen tanultak fi\u00fak \u00e9s l\u00e1nyok. Erre az id\u0151re kezdett meg\u00e9rni a le\u00e1nyiskola fel\u00e1ll\u00edt\u00e1s\u00e1nak gondolata. 1899. m\u00e1jus 8-\u00e1n a M\u00f3ri J\u00f3t\u00e9kony N\u0151egylet bejelentette az Egyh\u00e1zmegyei Hat\u00f3s\u00e1gnak, hogy egytantermes, osztatlan magyar anyanyelv\u0171 le\u00e1nyiskol\u00e1t szeretne alap\u00edtani, ugyanakkor magyar tannyelv\u0171, r\u00f3mai katolikus jelleg\u0171 \u00f3vod\u00e1t szeretne nyitni. Proh\u00e1szka Ottok\u00e1r megy\u00e9sp\u00fcsp\u00f6k a V\u00e9rtessy Anna \u00e9s b\u00e1r\u00f3 Trauttenberg Frigyesn\u00e9, sz\u00fcl. Alm\u00e1ssy Em\u00edlia k\u00e9r\u00e9s\u00e9hez hozz\u00e1j\u00e1rult. A le\u00e1nyiskola \u00e9s az \u00f3voda megszervez\u00e9s\u00e9t szerzetes n\u0151v\u00e9rekre, a soproni \u201eIsteni Megv\u00e1lt\u00f3 Le\u00e1nyai\u201c rendre b\u00edzta. A Hossz\u00fahegy utcai h\u00e1zat (Erzs\u00e9bet t\u00e9r 15.) Lamberg Anna gr\u00f3fn\u0151 aj\u00e1nd\u00e9kozta a N\u0151egyletnek, ahova az \u00e1talak\u00edt\u00e1sok ut\u00e1n bek\u00f6lt\u00f6z\u00f6tt az els\u0151 k\u00e9t szerzetes n\u0151v\u00e9r: Gabriel Dominika \u00e9s Bazs\u00f3 Szav\u00e9ria. Az \u00e9p\u00fclet homlokzat\u00e1n ma is olvashat\u00f3 az eml\u00e9kt\u00e1bla.<\/p>\n<p style=\"text-align: justify;\">A Szent Imre Belv\u00e1rosi Iskola 1905-ig vegyes iskola volt. Az 1905\/06-os tan\u00e9vt\u0151l megjelent M\u00f3ron a negyedik r\u00f3mai katolikus elemi iskola. A Szent Erzs\u00e9bet tisztelet\u00e9re felszentelt le\u00e1nyiskola oszt\u00e1lytermei a Lamberg \u00e9s V\u00e9rtessy h\u00e1zban voltak. A n\u00e9gy katolikus iskol\u00e1ba az 1905\/06-os tan\u00e9vben 831 gyermeket \u00edrattak be.<\/p>\n<p style=\"text-align: justify;\">Az els\u0151 tan\u00e9vben a Szent Erzs\u00e9bet Iskol\u00e1ban a k\u00f6vetkez\u0151 szerzetes n\u0151v\u00e9rek tan\u00edtottak:<\/p>\n<p style=\"text-align: justify;\">1.o. Tullner Generosa<br \/>\n2.o. Sics\u00e1n Kajetana<br \/>\n3.o. Recskey Jusztina<br \/>\n4.o. Tak\u00e1cs Dolorosa<\/p>\n<p style=\"text-align: justify;\">Az iskol\u00e1ba j\u00e1r\u00f3 le\u00e1nygyermekek l\u00e9tsz\u00e1ma a k\u00f6vetkez\u0151k szerint alakult:<\/p>\n<table>\n<tbody>\n<tr>\n<td style=\"text-align: center;\" width=\"65\">Tan\u00e9v<\/td>\n<td style=\"text-align: center;\" width=\"65\">1905\/ 06<\/td>\n<td style=\"text-align: center;\" width=\"65\">1906\/ 07<\/td>\n<td style=\"text-align: center;\" width=\"65\">1907\/ 08<\/td>\n<td style=\"text-align: center;\" width=\"65\">1908\/ 09<\/td>\n<td style=\"text-align: center;\" width=\"65\">1909\/ 10<\/td>\n<\/tr>\n<tr>\n<td style=\"text-align: center;\" width=\"65\">L\u00e9t-sz\u00e1m<\/td>\n<td style=\"text-align: center;\" width=\"65\">360<\/td>\n<td style=\"text-align: center;\" width=\"65\">383<\/td>\n<td style=\"text-align: center;\" width=\"65\">423<\/td>\n<td style=\"text-align: center;\" width=\"65\">421<\/td>\n<td width=\"65\">\n<p style=\"text-align: center;\">423<\/p>\n<\/td>\n<\/tr>\n<\/tbody>\n<\/table>\n<p style=\"text-align: justify;\">A katolikus iskol\u00e1kban az oktat\u00e1s k\u00f6r\u00fclm\u00e9nyei 1939-ben sokat v\u00e1ltoztak. A mai Ady Endre utc\u00e1ban a r\u00e9gi iskola hely\u00e9n fel\u00e9p\u00fclt a ma is meglev\u0151 \u00e9p\u00fclet, melyet 1940 janu\u00e1rj\u00e1ban Shvoy Lajos megy\u00e9sp\u00fcsp\u00f6k szentelt fel.<\/p>\n<p style=\"text-align: justify;\">1942-ben a belv\u00e1rosi Szent Imre, a vajali Szent M\u00f3r, az \u00fajlaki Szent L\u00e1szl\u00f3 \u00e9s a Szent Erzs\u00e9bet r\u00f3mai katolikus iskol\u00e1kba nem sz\u00e1m\u00edtva a pusztai, uradalmi iskol\u00e1kat, t\u00f6bb mint 1000 gyermeket \u00edrattak be.<\/p>\n<p style=\"text-align: justify;\">Az iskol\u00e1kat 1948-ban \u00e1llamos\u00edtott\u00e1k, megsz\u00fcntett\u00e9k a polg\u00e1ri iskol\u00e1t is. Hely\u00fcket az \u00e1llami iskol\u00e1k vett\u00e9k \u00e1t, amelyekben a nevel\u00e9s erk\u00f6lcsi, ideol\u00f3giai alapjai gy\u00f6keresen megv\u00e1ltoztak. T\u00f6bb gener\u00e1ci\u00f3 ebben a megv\u00e1ltozott szellemben nevel\u0151d\u00f6tt, \u00e9s ahol nem volt meg a kitart\u00f3 szil\u00e1rd csal\u00e1di h\u00e1tt\u00e9r, ott \u00e9reztette is hat\u00e1s\u00e1t.<\/p>\n<p style=\"text-align: justify;\">Az 1990-ben \u00fajraind\u00edtott r\u00f3mai katolikus \u00e1ltal\u00e1nos iskola egyik feladata, hogy a t\u00f6bb \u00e9v kimarad\u00e1s ut\u00e1n, egyre n\u00f6vekv\u0151 sz\u00e1mban k\u00e9sz\u00edtsen fel gyermekeket az \u00e9letre. Az \u00e9letre, amelyet kell, hogy tiszteljenek \u00e9s megbecs\u00fcljenek. Tudjanak \u00e9lni egy olyan magyar haz\u00e1ban, melynek j\u00f6v\u0151j\u00e9t tev\u0151legesen \u00e9s felel\u0151ss\u00e9ggel legyenek k\u00e9pesek alak\u00edtani, ahol felismerik az igazi \u00e9rt\u00e9keket. Ahol csak az igaznak, a sz\u00e9pnek, a j\u00f3nak van l\u00e9tjogosults\u00e1ga.<\/p>\n<p style=\"text-align: justify;\">Bart\u00f3k B\u00e9la<br \/>\negykori igazgat\u00f3helyettes<\/p>\n","protected":false},"excerpt":{"rendered":"<p>A M\u0171eml\u00e9kv\u00e9delem 1961\/1. sz\u00e1ma ismerteti a m\u00f3ri K\u0151templom, a mai Magyartemplom felt\u00e1r\u00e1si munk\u00e1latait: \u201e\u2026hogy M\u00f3r k\u00f6zs\u00e9g legr\u00e9gibb \u2013 v\u00e9lem\u00e9ny\u00fcnk szerint \u00c1rp\u00e1d-kori \u2013 \u00e9p\u00edt\u00e9szeti eml\u00e9k\u00e9t mindenki sz\u00e1m\u00e1ra l\u00e1togathat\u00f3v\u00e1 tegy\u00fck.\u201c Teh\u00e1t a m\u00e1sf\u00e9l \u00e9vsz\u00e1zados t\u00f6r\u00f6k uralom el\u0151tt, b\u00e1r erre \u00edr\u00e1sbeli bizony\u00edt\u00e9kok m\u00e9g nem ismeretesek, feltehet\u0151, hogy volt M\u00f3ron pl\u00e9b\u00e1niai iskola, mert ezek fel\u00e1ll\u00edt\u00e1s\u00e1r\u00f3l hat\u00e1rozott az 1560-as, Ol\u00e1h &hellip; <a href=\"https:\/\/szenterzsebetiskolamor.hu\/wp\/iskolank-multja\/\" class=\"more-link\"><span class=\"screen-reader-text\">Iskol\u00e1nk m\u00faltja<\/span> b\u0151vebben&#8230; <span class=\"meta-nav\">&rarr;<\/span><\/a><\/p>\n","protected":false},"author":1,"featured_media":0,"parent":0,"menu_order":0,"comment_status":"closed","ping_status":"open","template":"","meta":{"footnotes":""},"class_list":["post-46","page","type-page","status-publish","hentry"],"_links":{"self":[{"href":"https:\/\/szenterzsebetiskolamor.hu\/wp\/wp-json\/wp\/v2\/pages\/46","targetHints":{"allow":["GET"]}}],"collection":[{"href":"https:\/\/szenterzsebetiskolamor.hu\/wp\/wp-json\/wp\/v2\/pages"}],"about":[{"href":"https:\/\/szenterzsebetiskolamor.hu\/wp\/wp-json\/wp\/v2\/types\/page"}],"author":[{"embeddable":true,"href":"https:\/\/szenterzsebetiskolamor.hu\/wp\/wp-json\/wp\/v2\/users\/1"}],"replies":[{"embeddable":true,"href":"https:\/\/szenterzsebetiskolamor.hu\/wp\/wp-json\/wp\/v2\/comments?post=46"}],"version-history":[{"count":8,"href":"https:\/\/szenterzsebetiskolamor.hu\/wp\/wp-json\/wp\/v2\/pages\/46\/revisions"}],"predecessor-version":[{"id":14248,"href":"https:\/\/szenterzsebetiskolamor.hu\/wp\/wp-json\/wp\/v2\/pages\/46\/revisions\/14248"}],"wp:attachment":[{"href":"https:\/\/szenterzsebetiskolamor.hu\/wp\/wp-json\/wp\/v2\/media?parent=46"}],"curies":[{"name":"wp","href":"https:\/\/api.w.org\/{rel}","templated":true}]}}